{"id":100,"date":"2013-08-29T09:10:23","date_gmt":"2013-08-29T07:10:23","guid":{"rendered":"http:\/\/www.johannes-schuetzen.de\/?page_id=100"},"modified":"2021-10-27T22:39:31","modified_gmt":"2021-10-27T20:39:31","slug":"obercloerath","status":"publish","type":"page","link":"https:\/\/johannes-schuetzen.de\/?page_id=100","title":{"rendered":"Obercl\u00f6rath"},"content":{"rendered":"\n<div class=\"wp-block-image\"><figure class=\"aligncenter\"><img  title=\"\" decoding=\"async\" src=\"https:\/\/johannes-schuetzen.de\/wp-content\/uploads\/2016\/12\/Obercl\u00f6rath.jpg\"  alt=\"Obercl\u00f6rath Obercl\u00f6rath\" \/><figcaption>v.l.: Petra Kr\u00fcger, Ruth Mertens, Paul Frelih, Axel Kr\u00fcger, Silke Frelih, Frank Frelih<\/figcaption><\/figure><\/div>\n\n\n\n<p>Die Sch\u00fctzengruppe Obercl\u00f6rath ist der \u00e4lteste fortbestehende Sch\u00fctzenzug der St. Johannes Sch\u00fctzengesellschaft 1662 Cl\u00f6rath-Vennheide. Bei der Neugr\u00fcndung der Sch\u00fctzengesellschaft im Jahre 1974 waren die Obercl\u00f6rather Hubert Artz, Paul B\u00f6hm, Waldemar Gleich, Karl Melchers, Leo Mertens, Hans-Leo Sieben und Hermann-Josef Thees ma\u00dfgeblich beteiligt. Die Sch\u00fctzengruppe Obercl\u00f6rath als honschaftlich gepr\u00e4gter Sch\u00fctzenzug wurde dann 1975 bei Waldemar und Rosel Gleich gegr\u00fcndet. Obercl\u00f6rath stellte mit insgesamt neun K\u00f6nigen die meisten Regenten der Gesellschaft, daneben etliche Minister und K\u00f6ngisoffiziere sowie Vorstandsmitglieder und Offiziere der Gesellschaft. Seit 1979 f\u00fchrt die Sch\u00fctzengruppe Obercl\u00f6rath die historische Fahne der St. Johannes Sch\u00fctzengesellschaft 1662 Cl\u00f6rath-Vennheide.<\/p>\n","protected":false},"excerpt":{"rendered":"<p>Die Sch\u00fctzengruppe Obercl\u00f6rath ist der \u00e4lteste fortbestehende Sch\u00fctzenzug der St. Johannes Sch\u00fctzengesellschaft 1662 Cl\u00f6rath-Vennheide. Bei der Neugr\u00fcndung der Sch\u00fctzengesellschaft im Jahre 1974 waren die Obercl\u00f6rather Hubert Artz, Paul B\u00f6hm, Waldemar Gleich, Karl Melchers, Leo Mertens, Hans-Leo Sieben und Hermann-Josef Thees ma\u00dfgeblich beteiligt. Die Sch\u00fctzengruppe Obercl\u00f6rath als honschaftlich gepr\u00e4gter Sch\u00fctzenzug wurde dann 1975 bei Waldemar und<\/p><\/div>\n<div class=\"blog-btn\"><a href=\"https:\/\/johannes-schuetzen.de\/?page_id=100\" class=\"home-blog-btn\">Weiterlesen<\/a><\/p>\n","protected":false},"author":1,"featured_media":0,"parent":502,"menu_order":0,"comment_status":"closed","ping_status":"closed","template":"","meta":{"footnotes":""},"class_list":["post-100","page","type-page","status-publish","hentry"],"_links":{"self":[{"href":"https:\/\/johannes-schuetzen.de\/index.php?rest_route=\/wp\/v2\/pages\/100","targetHints":{"allow":["GET"]}}],"collection":[{"href":"https:\/\/johannes-schuetzen.de\/index.php?rest_route=\/wp\/v2\/pages"}],"about":[{"href":"https:\/\/johannes-schuetzen.de\/index.php?rest_route=\/wp\/v2\/types\/page"}],"author":[{"embeddable":true,"href":"https:\/\/johannes-schuetzen.de\/index.php?rest_route=\/wp\/v2\/users\/1"}],"replies":[{"embeddable":true,"href":"https:\/\/johannes-schuetzen.de\/index.php?rest_route=%2Fwp%2Fv2%2Fcomments&post=100"}],"version-history":[{"count":3,"href":"https:\/\/johannes-schuetzen.de\/index.php?rest_route=\/wp\/v2\/pages\/100\/revisions"}],"predecessor-version":[{"id":2442,"href":"https:\/\/johannes-schuetzen.de\/index.php?rest_route=\/wp\/v2\/pages\/100\/revisions\/2442"}],"up":[{"embeddable":true,"href":"https:\/\/johannes-schuetzen.de\/index.php?rest_route=\/wp\/v2\/pages\/502"}],"wp:attachment":[{"href":"https:\/\/johannes-schuetzen.de\/index.php?rest_route=%2Fwp%2Fv2%2Fmedia&parent=100"}],"curies":[{"name":"wp","href":"https:\/\/api.w.org\/{rel}","templated":true}]}}